{"id":8519,"date":"2023-05-16T14:43:35","date_gmt":"2023-05-16T17:43:35","guid":{"rendered":"https:\/\/canadiancraftsfederation.ca\/?page_id=8519"},"modified":"2024-01-29T10:52:20","modified_gmt":"2024-01-29T14:52:20","slug":"metiers-dart-cites","status":"publish","type":"page","link":"https:\/\/canadiancraftsfederation.ca\/fr\/metiers-dart-cites\/","title":{"rendered":"M\u00e9tiers d\u2019art cit\u00e9s"},"content":{"rendered":"\n<h1 class=\"wp-block-heading\">M\u00e9tiers d\u2019art cit\u00e9s<\/h1>\n\n\n\n<p>D\u00e9couvrez des artistes, des auteurs et des leaders en m\u00e9tiers d\u2019art dans notre s\u00e9rie de citations sur les m\u00e9tiers d\u2019art. De nouvelles perspectives cr\u00e9atives chaque semaine. Inscrivez-vous pour recevoir nos alertes et suivez le mot-clic #M\u00e9tiersDartCit\u00e9s sur les m\u00e9dias sociaux.<\/p>\n\n\n\n<div style=\"height:23px\" aria-hidden=\"true\" class=\"wp-block-spacer\"><\/div>\n\n\n\n<div class=\"wp-block-coblocks-accordion\">\n<div class=\"wp-block-coblocks-accordion-item\"><details open><summary class=\"wp-block-coblocks-accordion-item__title\"><strong>Aout 2023<\/strong><\/summary><div class=\"wp-block-coblocks-accordion-item__content\">\n<div class=\"wp-block-media-text alignwide is-stacked-on-mobile\" style=\"grid-template-columns:30% auto\"><figure class=\"wp-block-media-text__media\"><img loading=\"lazy\" decoding=\"async\" width=\"576\" height=\"1024\" src=\"https:\/\/canadiancraftsfederation.ca\/wp-content\/uploads\/2023\/08\/August8-French-576x1024.png\" alt=\"\" class=\"wp-image-9095 size-full\" srcset=\"https:\/\/canadiancraftsfederation.ca\/wp-content\/uploads\/2023\/08\/August8-French-576x1024.png 576w, https:\/\/canadiancraftsfederation.ca\/wp-content\/uploads\/2023\/08\/August8-French-169x300.png 169w, https:\/\/canadiancraftsfederation.ca\/wp-content\/uploads\/2023\/08\/August8-French.png 720w\" sizes=\"auto, (max-width: 576px) 100vw, 576px\" \/><\/figure><div class=\"wp-block-media-text__content\">\n<h4 class=\"wp-block-heading\">le 8 aout<\/h4>\n\n\n\n<blockquote class=\"wp-block-quote is-layout-flow wp-block-quote-is-layout-flow\">\n<p>\u00ab\u2009Les m\u00e9tiers d\u2019art ouvrent la voie \u00e0 la cr\u00e9ation de liens entre les objets et les gens.\u2009\u00bb<\/p>\n<cite>Glenn Adamson<\/cite><\/blockquote>\n\n\n\n<p><\/p>\n\n\n\n<p>Les m\u00e9tiers d\u2019art ont le pouvoir d\u2019\u00e9tablir des liens enchanteurs entre les gens et les objets. Imaginez que vous tenez une tasse de caf\u00e9 faite \u00e0 la main avec d\u00e9vouement et attention. Comment est-ce que cela change votre relation avec la tasse et son contenu? Prenons un moment pour appr\u00e9cier le savoir-faire et la beaut\u00e9 qui nous entoure.<\/p>\n\n\n\n<p><\/p>\n\n\n\n<div class=\"wp-block-buttons is-layout-flex wp-block-buttons-is-layout-flex\">\n<div class=\"wp-block-button\"><a class=\"wp-block-button__link wp-element-button\" href=\"https:\/\/www.studiomagazine.ca\/articles\/2022\/interview-glenn-adamson\" target=\"_blank\" rel=\"noreferrer noopener\">En savior plus<\/a><\/div>\n<\/div>\n\n\n\n<div style=\"height:15px\" aria-hidden=\"true\" class=\"wp-block-spacer\"><\/div>\n<\/div><\/div>\n\n\n\n<div style=\"height:30px\" aria-hidden=\"true\" class=\"wp-block-spacer\"><\/div>\n<\/div><\/details><\/div>\n\n\n\n<div class=\"wp-block-coblocks-accordion-item\"><details open><summary class=\"wp-block-coblocks-accordion-item__title\"><strong>Juillet 2023<\/strong><\/summary><div class=\"wp-block-coblocks-accordion-item__content\">\n<div class=\"wp-block-media-text alignwide is-stacked-on-mobile\" style=\"grid-template-columns:30% auto\"><figure class=\"wp-block-media-text__media\"><img loading=\"lazy\" decoding=\"async\" width=\"576\" height=\"1024\" src=\"https:\/\/canadiancraftsfederation.ca\/wp-content\/uploads\/2023\/07\/July31-French-576x1024.png\" alt=\"\" class=\"wp-image-9067 size-full\" srcset=\"https:\/\/canadiancraftsfederation.ca\/wp-content\/uploads\/2023\/07\/July31-French-576x1024.png 576w, https:\/\/canadiancraftsfederation.ca\/wp-content\/uploads\/2023\/07\/July31-French-169x300.png 169w, https:\/\/canadiancraftsfederation.ca\/wp-content\/uploads\/2023\/07\/July31-French.png 720w\" sizes=\"auto, (max-width: 576px) 100vw, 576px\" \/><\/figure><div class=\"wp-block-media-text__content\">\n<h4 class=\"wp-block-heading\">le 31 juillet<\/h4>\n\n\n\n<blockquote class=\"wp-block-quote is-layout-flow wp-block-quote-is-layout-flow\">\n<p>\u00ab\u2009Nos objets peuvent nous habiter, comme nous les habitons.\u2009\u00bb<\/p>\n<cite>Akiko Busch<\/cite><\/blockquote>\n\n\n\n<p>Avez-vous d\u00e9j\u00e0 pens\u00e9 \u00e0 l\u2019impact des objets sur nos vies? Dans son article \u00ab\u2009The Objects We Keep\u2009\u00bb (Les objets que nous gardons), Busch explore les relations que nous entretenons avec les objets dans nos vies. C\u2019est un article fascinant qui vous fera penser aux objets dont vous vous entourez. Lisez-le (en anglais)!<\/p>\n\n\n\n<div style=\"height:15px\" aria-hidden=\"true\" class=\"wp-block-spacer\"><\/div>\n\n\n\n<div class=\"wp-block-buttons is-layout-flex wp-block-buttons-is-layout-flex\">\n<div class=\"wp-block-button\"><a class=\"wp-block-button__link wp-element-button\" href=\"https:\/\/www.craftcouncil.org\/magazine\/article\/objects-we-keep\" target=\"_blank\" rel=\"noreferrer noopener\">En savior plus<\/a><\/div>\n<\/div>\n<\/div><\/div>\n\n\n\n<div style=\"height:30px\" aria-hidden=\"true\" class=\"wp-block-spacer\"><\/div>\n\n\n\n<div class=\"wp-block-media-text alignwide is-stacked-on-mobile\" style=\"grid-template-columns:30% auto\"><figure class=\"wp-block-media-text__media\"><img loading=\"lazy\" decoding=\"async\" width=\"576\" height=\"1024\" src=\"https:\/\/canadiancraftsfederation.ca\/wp-content\/uploads\/2023\/07\/July24-French-576x1024.png\" alt=\"\" class=\"wp-image-9036 size-full\" srcset=\"https:\/\/canadiancraftsfederation.ca\/wp-content\/uploads\/2023\/07\/July24-French-576x1024.png 576w, https:\/\/canadiancraftsfederation.ca\/wp-content\/uploads\/2023\/07\/July24-French-169x300.png 169w, https:\/\/canadiancraftsfederation.ca\/wp-content\/uploads\/2023\/07\/July24-French.png 720w\" sizes=\"auto, (max-width: 576px) 100vw, 576px\" \/><\/figure><div class=\"wp-block-media-text__content\">\n<h4 class=\"wp-block-heading\">le 25 juillet<\/h4>\n\n\n\n<blockquote class=\"wp-block-quote is-layout-flow wp-block-quote-is-layout-flow\">\n<p>\u00ab\u2009Poursuivez vos id\u00e9es et faites-les grandir pour les prochaines g\u00e9n\u00e9rations.\u2009\u00bb<\/p>\n<cite>Mathew Nuqingaq<\/cite><\/blockquote>\n\n\n\n<p>Inspirons-nous les uns les autres \u00e0 poursuivre notre travail!<br><br>\u00ab\u2009B\u00e2tissez vos id\u00e9es et gardez-les. Et grandissez. Nous pouvons \u00eatre tir\u00e9s dans tant de directions diff\u00e9rentes que nous pourrions \u00eatre occup\u00e9s pour le reste de nos vies. Ne plafonnez jamais. Il faut \u00eatre patient, il n\u2019y a pas de presse.\u2009\u00bb Mathew Nuqingaq<\/p>\n\n\n\n<p>Publi\u00e9 dans l\u2019\u00e9dition printemps-\u00e9t\u00e9&nbsp;2020 de la revue Studio Magazine (en anglais).<\/p>\n\n\n\n<div style=\"height:15px\" aria-hidden=\"true\" class=\"wp-block-spacer\"><\/div>\n\n\n\n<div class=\"wp-block-buttons is-layout-flex wp-block-buttons-is-layout-flex\">\n<div class=\"wp-block-button\"><a class=\"wp-block-button__link wp-element-button\" href=\"https:\/\/www.studiomagazine.ca\/articles\/2020\/5\/mathew-nuqingaq\" target=\"_blank\" rel=\"noreferrer noopener\">En savior plus<\/a><\/div>\n<\/div>\n<\/div><\/div>\n\n\n\n<div style=\"height:30px\" aria-hidden=\"true\" class=\"wp-block-spacer\"><\/div>\n\n\n\n<div class=\"wp-block-media-text alignwide is-stacked-on-mobile\" style=\"grid-template-columns:30% auto\"><figure class=\"wp-block-media-text__media\"><img loading=\"lazy\" decoding=\"async\" width=\"576\" height=\"1024\" src=\"https:\/\/canadiancraftsfederation.ca\/wp-content\/uploads\/2023\/07\/July17-French-576x1024.png\" alt=\"\" class=\"wp-image-9028 size-full\" srcset=\"https:\/\/canadiancraftsfederation.ca\/wp-content\/uploads\/2023\/07\/July17-French-576x1024.png 576w, https:\/\/canadiancraftsfederation.ca\/wp-content\/uploads\/2023\/07\/July17-French-169x300.png 169w, https:\/\/canadiancraftsfederation.ca\/wp-content\/uploads\/2023\/07\/July17-French.png 720w\" sizes=\"auto, (max-width: 576px) 100vw, 576px\" \/><\/figure><div class=\"wp-block-media-text__content\">\n<h4 class=\"wp-block-heading\">le 18 juillet<\/h4>\n\n\n\n<blockquote class=\"wp-block-quote is-layout-flow wp-block-quote-is-layout-flow\">\n<p>\u00ab\u2009C\u2019est une r\u00e9ponse \u00e0 la consommation de masse.\u2009\u00bb<\/p>\n<cite>&nbsp;Le professeur Trevor H. J. Marchand<\/cite><\/blockquote>\n\n\n\n<p>Si vous vous sentez d\u00e9pass\u00e9 par les articles de production de masse, il est temps de prendre du recul et d\u2019admirer la beaut\u00e9 des biens faits \u00e0 la main. Visionnez la minis\u00e9rie documentaire \u00ab\u2009The Future is Handmade\u2009\u00bb (L\u2019avenir est fait main) par Maikel Kuijpers pour vous inspirer (en anglais). Appuyons le savoir-faire et accueillons plus de talents artistiques et de passion dans nos vies.<\/p>\n\n\n\n<div style=\"height:15px\" aria-hidden=\"true\" class=\"wp-block-spacer\"><\/div>\n\n\n\n<div class=\"wp-block-buttons is-layout-flex wp-block-buttons-is-layout-flex\">\n<div class=\"wp-block-button\"><a class=\"wp-block-button__link wp-element-button\" href=\"https:\/\/craftsmanship.net\/the-future-is-handmade\/\" target=\"_blank\" rel=\"noreferrer noopener\">En savior plus<\/a><\/div>\n<\/div>\n<\/div><\/div>\n\n\n\n<div style=\"height:30px\" aria-hidden=\"true\" class=\"wp-block-spacer\"><\/div>\n\n\n\n<div class=\"wp-block-media-text alignwide is-stacked-on-mobile\" style=\"grid-template-columns:30% auto\"><figure class=\"wp-block-media-text__media\"><img loading=\"lazy\" decoding=\"async\" width=\"576\" height=\"1024\" src=\"https:\/\/canadiancraftsfederation.ca\/wp-content\/uploads\/2023\/07\/July11-French-576x1024.png\" alt=\"\" class=\"wp-image-9026 size-full\" srcset=\"https:\/\/canadiancraftsfederation.ca\/wp-content\/uploads\/2023\/07\/July11-French-576x1024.png 576w, https:\/\/canadiancraftsfederation.ca\/wp-content\/uploads\/2023\/07\/July11-French-169x300.png 169w, https:\/\/canadiancraftsfederation.ca\/wp-content\/uploads\/2023\/07\/July11-French.png 720w\" sizes=\"auto, (max-width: 576px) 100vw, 576px\" \/><\/figure><div class=\"wp-block-media-text__content\">\n<h4 class=\"wp-block-heading\"> le 11 juillet<\/h4>\n\n\n\n<blockquote class=\"wp-block-quote is-layout-flow wp-block-quote-is-layout-flow\">\n<p>\u00ab Les textiles sont partout&nbsp;: dans nos v\u00eatements, nos meubles, nos demeures, les d\u00e9corations de bureau et m\u00eame dans des objets mous comme des jouets. \u00bb<\/p>\n<cite>Lee Jones<\/cite><\/blockquote>\n\n\n\n<p>Les textiles font partie de notre quotidien, mais ils sont aussi une toile blanche pour la cr\u00e9ativit\u00e9. Des textiles portables aux v\u00eatements intelligents, tout est possible. Explorons le monde des textiles et d\u00e9couvrons o\u00f9 nous m\u00e8nera notre imagination! Pour en savoir plus sur Lee Jones, lisez son article dans la revue Studio [@studio.mag] (en anglais).<\/p>\n\n\n\n<div style=\"height:15px\" aria-hidden=\"true\" class=\"wp-block-spacer\"><\/div>\n\n\n\n<div class=\"wp-block-buttons is-layout-flex wp-block-buttons-is-layout-flex\">\n<div class=\"wp-block-button\"><a class=\"wp-block-button__link wp-element-button\" href=\"https:\/\/www.studiomagazine.ca\/articles\/2021\/5\/playing-with-fuzzy-tech-styles\" target=\"_blank\" rel=\"noreferrer noopener\">En savior plus<\/a><\/div>\n<\/div>\n<\/div><\/div>\n<\/div><\/details><\/div>\n\n\n\n<div class=\"wp-block-coblocks-accordion-item\"><details open><summary class=\"wp-block-coblocks-accordion-item__title\"><strong>Juin 2023 | Mois national de l&rsquo;histoire autochtone &amp; Saison de la Fiert\u00e9<\/strong><\/summary><div class=\"wp-block-coblocks-accordion-item__content\">\n<div class=\"wp-block-media-text alignwide is-stacked-on-mobile\" style=\"grid-template-columns:30% auto\"><figure class=\"wp-block-media-text__media\"><img loading=\"lazy\" decoding=\"async\" width=\"576\" height=\"1024\" src=\"https:\/\/canadiancraftsfederation.ca\/wp-content\/uploads\/2023\/06\/June26-French-576x1024.png\" alt=\"\u00ab\u2009Ne pense jamais au produit final, c\u2019est le processus qui compte.\u2009\u00bb Corrine Hunt\" class=\"wp-image-8933 size-full\" srcset=\"https:\/\/canadiancraftsfederation.ca\/wp-content\/uploads\/2023\/06\/June26-French-576x1024.png 576w, https:\/\/canadiancraftsfederation.ca\/wp-content\/uploads\/2023\/06\/June26-French-169x300.png 169w, https:\/\/canadiancraftsfederation.ca\/wp-content\/uploads\/2023\/06\/June26-French.png 720w\" sizes=\"auto, (max-width: 576px) 100vw, 576px\" \/><\/figure><div class=\"wp-block-media-text__content\">\n<h4 class=\"wp-block-heading\">le 27 juin<\/h4>\n\n\n\n<blockquote class=\"wp-block-quote is-layout-flow wp-block-quote-is-layout-flow\">\n<p>\u00ab\u2009Ne pense jamais au produit final, c\u2019est le processus qui compte.\u2009\u00bb<\/p>\n<cite>Corrine Hunt<\/cite><\/blockquote>\n\n\n\n<p>\u00ab\u2009Je raconte des histoires sur nous aujourd\u2019hui. Mon travail est rempli de rires, de joie, de surprises et de paix.\u2009\u00bb&nbsp; <a rel=\"noreferrer noopener\" href=\"https:\/\/www.instagram.com\/corrinehuntdesigner\/\" target=\"_blank\">Corrine Hunt<\/a><\/p>\n\n\n\n<div style=\"height:15px\" aria-hidden=\"true\" class=\"wp-block-spacer\"><\/div>\n\n\n\n<div class=\"wp-block-buttons is-layout-flex wp-block-buttons-is-layout-flex\">\n<div class=\"wp-block-button\"><a class=\"wp-block-button__link wp-element-button\" href=\"https:\/\/www.studiomagazine.ca\/articles\/2022\/2\/corrine-hunt\" target=\"_blank\" rel=\"noreferrer noopener\">En savior plus<\/a><\/div>\n<\/div>\n<\/div><\/div>\n\n\n\n<div style=\"height:30px\" aria-hidden=\"true\" class=\"wp-block-spacer\"><\/div>\n\n\n\n<div class=\"wp-block-media-text alignwide is-stacked-on-mobile\" style=\"grid-template-columns:30% auto\"><figure class=\"wp-block-media-text__media\"><img loading=\"lazy\" decoding=\"async\" width=\"576\" height=\"1024\" src=\"https:\/\/canadiancraftsfederation.ca\/wp-content\/uploads\/2023\/06\/June19-French-Large-576x1024.jpeg\" alt=\"\u00ab Le repos n\u2019est pas une perte de temps, et tu en m\u00e9rites. \u00bb\nMel Beaulieu, The Beads Knees\" class=\"wp-image-8917 size-full\" srcset=\"https:\/\/canadiancraftsfederation.ca\/wp-content\/uploads\/2023\/06\/June19-French-Large-576x1024.jpeg 576w, https:\/\/canadiancraftsfederation.ca\/wp-content\/uploads\/2023\/06\/June19-French-Large-169x300.jpeg 169w, https:\/\/canadiancraftsfederation.ca\/wp-content\/uploads\/2023\/06\/June19-French-Large.jpeg 720w\" sizes=\"auto, (max-width: 576px) 100vw, 576px\" \/><\/figure><div class=\"wp-block-media-text__content\">\n<h4 class=\"wp-block-heading\"> le 20 juin<\/h4>\n\n\n\n<blockquote class=\"wp-block-quote is-layout-flow wp-block-quote-is-layout-flow\">\n<p>\u00ab Le repos n\u2019est pas une perte de temps, et tu en m\u00e9rites. \u00bb<\/p>\n<cite>Mel Beaulieu, The Beads Knees<\/cite><\/blockquote>\n\n\n\n<p>&#x1f334; \u00ab Si tu es un artiste qui sent aussi le poids de la machine des m\u00e9dias sociaux, j\u2019esp\u00e8re que tu prendras le temps en fin de semaine de te d\u00e9brancher, de travailler sur quelque chose qui n\u2019est que pour toi, ou de ne faire absolument rien. \u00bb <a rel=\"noreferrer noopener\" href=\"https:\/\/www.instagram.com\/the.beads.knees\/\" target=\"_blank\">Mel Beaulieu<\/a>, The Beads Knees<\/p>\n\n\n\n<div style=\"height:15px\" aria-hidden=\"true\" class=\"wp-block-spacer\"><\/div>\n\n\n\n<div class=\"wp-block-buttons is-layout-flex wp-block-buttons-is-layout-flex\">\n<div class=\"wp-block-button\"><a class=\"wp-block-button__link wp-element-button\" href=\"https:\/\/www.instagram.com\/p\/CaII3ypL1bV\/\" target=\"_blank\" rel=\"noreferrer noopener\">En savior plus<\/a><\/div>\n<\/div>\n<\/div><\/div>\n\n\n\n<div style=\"height:30px\" aria-hidden=\"true\" class=\"wp-block-spacer\"><\/div>\n\n\n\n<div class=\"wp-block-media-text alignwide is-stacked-on-mobile is-vertically-aligned-top\" style=\"grid-template-columns:30% auto\"><figure class=\"wp-block-media-text__media\"><img loading=\"lazy\" decoding=\"async\" width=\"576\" height=\"1024\" src=\"https:\/\/canadiancraftsfederation.ca\/wp-content\/uploads\/2023\/06\/June12French-Large-576x1024.jpeg\" alt=\"\u00ab Nous avons encore besoin d\u2019objets; de m\u00e9tiers d\u2019art cr\u00e9\u00e9s avec ma\u00eetrise et discipline. \u00bb Wally Dion\" class=\"wp-image-8879 size-full\" srcset=\"https:\/\/canadiancraftsfederation.ca\/wp-content\/uploads\/2023\/06\/June12French-Large-576x1024.jpeg 576w, https:\/\/canadiancraftsfederation.ca\/wp-content\/uploads\/2023\/06\/June12French-Large-169x300.jpeg 169w, https:\/\/canadiancraftsfederation.ca\/wp-content\/uploads\/2023\/06\/June12French-Large.jpeg 720w\" sizes=\"auto, (max-width: 576px) 100vw, 576px\" \/><\/figure><div class=\"wp-block-media-text__content\">\n<h4 class=\"wp-block-heading\">le 13 juin<\/h4>\n\n\n\n<blockquote class=\"wp-block-quote is-layout-flow wp-block-quote-is-layout-flow\">\n<p>\u00ab Nous avons encore besoin d\u2019objets; de m\u00e9tiers d\u2019art cr\u00e9\u00e9s avec ma\u00eetrise et discipline. \u00bb <\/p>\n<cite>Wally Dion<\/cite><\/blockquote>\n\n\n\n<p>\u00ab&nbsp;Il est important d\u2019avoir des objets dans l\u2019histoire contre lesquels les gens peuvent s\u2019\u00e9lever. Le travail n\u00e9cessite d\u2019avoir du cran, des capacit\u00e9s techniques et de la rigueur. Je tente d\u2019\u00e9lever le discours pour les cr\u00e9ateurs autochtones au Canada. Nous serons \u00e9valu\u00e9s en temps et lieu.&nbsp;\u00bb&nbsp; <a href=\"https:\/\/wallydion.com\/\" target=\"_blank\" rel=\"noreferrer noopener\">Wally Dion<\/a><\/p>\n\n\n\n<p>Lisez l\u2019article au complet dans <a href=\"https:\/\/www.studiomagazine.ca\/articles\/2021\/5\/wally-dion\" target=\"_blank\" rel=\"noreferrer noopener\">Studio Magazine<\/a> [en anglais]<\/p>\n\n\n\n<div style=\"height:15px\" aria-hidden=\"true\" class=\"wp-block-spacer\"><\/div>\n\n\n\n<div class=\"wp-block-buttons is-layout-flex wp-block-buttons-is-layout-flex\">\n<div class=\"wp-block-button\"><a class=\"wp-block-button__link wp-element-button\" href=\"https:\/\/www.studiomagazine.ca\/articles\/2021\/5\/wally-dion\" target=\"_blank\" rel=\"noreferrer noopener\">En savior plus<\/a><\/div>\n<\/div>\n<\/div><\/div>\n\n\n\n<div style=\"height:30px\" aria-hidden=\"true\" class=\"wp-block-spacer\"><\/div>\n\n\n\n<div class=\"wp-block-media-text alignwide is-stacked-on-mobile is-vertically-aligned-top\" style=\"grid-template-columns:30% auto\"><figure class=\"wp-block-media-text__media\"><img loading=\"lazy\" decoding=\"async\" width=\"576\" height=\"1024\" src=\"https:\/\/canadiancraftsfederation.ca\/wp-content\/uploads\/2023\/06\/June5-French-576x1024.jpeg\" alt=\"\" class=\"wp-image-8856 size-full\" srcset=\"https:\/\/canadiancraftsfederation.ca\/wp-content\/uploads\/2023\/06\/June5-French-576x1024.jpeg 576w, https:\/\/canadiancraftsfederation.ca\/wp-content\/uploads\/2023\/06\/June5-French-169x300.jpeg 169w, https:\/\/canadiancraftsfederation.ca\/wp-content\/uploads\/2023\/06\/June5-French.jpeg 720w\" sizes=\"auto, (max-width: 576px) 100vw, 576px\" \/><\/figure><div class=\"wp-block-media-text__content\">\n<h4 class=\"wp-block-heading\">le 5 juin<\/h4>\n\n\n\n<blockquote class=\"wp-block-quote is-layout-flow wp-block-quote-is-layout-flow\">\n<p>\u00ab Le processus de r\u00e9appropriation de la culture est le projet de toute une vie ! \u00bb <\/p>\n<cite><a href=\"https:\/\/www.instagram.com\/p\/CnUdXvepAHQ\/\" target=\"_blank\" rel=\"noreferrer noopener\">Taalrumiq<\/a><\/cite><\/blockquote>\n\n\n\n<p>\u00ab Bien que j\u2019aie grandi plong\u00e9e dans la culture Salliqmiut Inuvialuit, je ne portais pas souvent les v\u00eatements traditionnels, et je n\u2019ai pas souvent eu l\u2019occasion de porter de si beaux v\u00eatements jusqu\u2019\u00e0 l\u2019\u00e2ge adulte. C\u2019est peut-\u00eatre pour \u00e7a que j\u2019aime tant ce motif de d\u00e9fense de morse ! \u00bb Taalrumiq<\/p>\n\n\n\n<p>&#x1faa1; Cr\u00e9atrice de contenu et influenceuse, <a rel=\"noreferrer noopener\" href=\"https:\/\/www.instagram.com\/p\/Cse3rF0oMwy\/\" target=\"_blank\">Taarumiq cr\u00e9e des bijoux et des articles de mode haute couture en fourrure de phoque.<\/a> Jetez un coup d\u2019\u0153il \u00e0 ses cr\u00e9ations superbes et vivantes.<\/p>\n\n\n\n<div style=\"height:15px\" aria-hidden=\"true\" class=\"wp-block-spacer\"><\/div>\n\n\n\n<div class=\"wp-block-buttons is-layout-flex wp-block-buttons-is-layout-flex\">\n<div class=\"wp-block-button\"><a class=\"wp-block-button__link wp-element-button\" href=\"https:\/\/www.inuitartfoundation.org\/lite\/profiles\/artist\/Taalrumiq-Christina-King\" target=\"_blank\" rel=\"noreferrer noopener\">En savior plus<\/a><\/div>\n<\/div>\n<\/div><\/div>\n<\/div><\/details><\/div>\n\n\n\n<div class=\"wp-block-coblocks-accordion-item\"><details open><summary class=\"wp-block-coblocks-accordion-item__title\"><strong>Mai 2023<\/strong> | Mois du patrimoine asiatique<\/summary><div class=\"wp-block-coblocks-accordion-item__content\">\n<div class=\"wp-block-media-text alignwide is-stacked-on-mobile is-vertically-aligned-top\" style=\"grid-template-columns:30% auto\"><figure class=\"wp-block-media-text__media\"><img loading=\"lazy\" decoding=\"async\" width=\"576\" height=\"1024\" src=\"https:\/\/canadiancraftsfederation.ca\/wp-content\/uploads\/2023\/05\/JJ-Lee-FR-576x1024.jpeg\" alt=\"\" class=\"wp-image-8713 size-full\" srcset=\"https:\/\/canadiancraftsfederation.ca\/wp-content\/uploads\/2023\/05\/JJ-Lee-FR-576x1024.jpeg 576w, https:\/\/canadiancraftsfederation.ca\/wp-content\/uploads\/2023\/05\/JJ-Lee-FR-169x300.jpeg 169w, https:\/\/canadiancraftsfederation.ca\/wp-content\/uploads\/2023\/05\/JJ-Lee-FR.jpeg 720w\" sizes=\"auto, (max-width: 576px) 100vw, 576px\" \/><\/figure><div class=\"wp-block-media-text__content\">\n<h4 class=\"wp-block-heading\">le 29 mai<\/h4>\n\n\n\n<blockquote class=\"wp-block-quote is-layout-flow wp-block-quote-is-layout-flow\">\n<p>\u00ab\u2009Je crois en l\u2019art et en son pouvoir social d\u2019engendrer le changement dans le monde, et en la force des voix artistiques uniques.\u2009\u00bb <\/p>\n<cite>JJ Lee<\/cite><\/blockquote>\n\n\n\n<p>Dans ses dessins et ses peintures en techniques mixtes, <a href=\"https:\/\/jlee.format.com\/\" target=\"_blank\" rel=\"noreferrer noopener\">JJ Lee<\/a> explore l\u2019intersection entre les cultures chinoises et canadiennes en s\u2019appropriant des images de sources vari\u00e9es.<\/p>\n\n\n\n<p>&#x2728; Consultez le profil de JJ et de bien d\u2019autres sur le r\u00e9pertoire <a href=\"https:\/\/canasianarts.com\/\" target=\"_blank\" rel=\"noreferrer noopener\">CanAsian Arts<\/a>.<\/p>\n\n\n\n<div style=\"height:15px\" aria-hidden=\"true\" class=\"wp-block-spacer\"><\/div>\n\n\n\n<div class=\"wp-block-buttons is-layout-flex wp-block-buttons-is-layout-flex\">\n<div class=\"wp-block-button\"><a class=\"wp-block-button__link wp-element-button\" href=\"https:\/\/canasianarts.com\/artist\/jjlee\/ \" target=\"_blank\" rel=\"noreferrer noopener\">En savior plus<\/a><\/div>\n<\/div>\n<\/div><\/div>\n\n\n\n<div class=\"wp-block-media-text alignwide is-stacked-on-mobile is-vertically-aligned-top\" style=\"grid-template-columns:30% auto\"><figure class=\"wp-block-media-text__media\"><img loading=\"lazy\" decoding=\"async\" width=\"576\" height=\"1024\" src=\"https:\/\/canadiancraftsfederation.ca\/wp-content\/uploads\/2023\/05\/May22-French-576x1024.png\" alt=\"\" class=\"wp-image-8668 size-full\" srcset=\"https:\/\/canadiancraftsfederation.ca\/wp-content\/uploads\/2023\/05\/May22-French-576x1024.png 576w, https:\/\/canadiancraftsfederation.ca\/wp-content\/uploads\/2023\/05\/May22-French-169x300.png 169w, https:\/\/canadiancraftsfederation.ca\/wp-content\/uploads\/2023\/05\/May22-French.png 720w\" sizes=\"auto, (max-width: 576px) 100vw, 576px\" \/><\/figure><div class=\"wp-block-media-text__content\">\n<h4 class=\"wp-block-heading\">le 23 mai<\/h4>\n\n\n\n<blockquote class=\"wp-block-quote is-layout-flow wp-block-quote-is-layout-flow\">\n<p>\u00ab\u2009Il y a des choses qu\u2019on ne peut tout simplement pas traduire.\u2009\u00bb<\/p>\n<cite>Patrick Cruz<\/cite><\/blockquote>\n\n\n\n<p>\u00ab&nbsp;J\u2019ai appris beaucoup dans mon art d\u2019une perspective occidentale, \u00e0 travers les histoires occidentales, alors je crois que le fait de cr\u00e9er en tagalog ou d\u2019y penser d\u2019un point de vue tagalog me permet d\u2019offrir une perspective alternative, un angle diff\u00e9rent.&nbsp;\u00bb<\/p>\n\n\n\n<p><a href=\"https:\/\/www.patrickcruz.org\/\" target=\"_blank\" rel=\"noreferrer noopener\">Patrick Cruz<\/a> est un artiste et \u00e9ducateur n\u00e9 \u00e0 Quezon City aux Philippines, qui vit et travaille \u00e0 Toronto au Canada. Dans sa pratique, il s\u2019inspire des intersections entre la spiritualit\u00e9 populaire, l\u2019exp\u00e9rience diasporique et le r\u00f4le du jeu dans le travail du clown.\u2009<\/p>\n\n\n\n<p>&#x1f399;&#xfe0f; Lisez-en plus sur l\u2019exposition de Cruz \u00ab\u2009si mabait at si malihim, mga agam agam sa kuro kuro\u2009\u00bb.<\/p>\n\n\n\n<div style=\"height:15px\" aria-hidden=\"true\" class=\"wp-block-spacer\"><\/div>\n\n\n\n<div class=\"wp-block-buttons is-layout-flex wp-block-buttons-is-layout-flex\">\n<div class=\"wp-block-button\"><a class=\"wp-block-button__link wp-element-button\" href=\"https:\/\/www.straight.com\/arts\/artist-patrick-cruz-finds-echoes-of-past-amid-maze-of-images\" target=\"_blank\" rel=\"noreferrer noopener\">En savior plus<\/a><\/div>\n<\/div>\n<\/div><\/div>\n\n\n\n<div style=\"height:23px\" aria-hidden=\"true\" class=\"wp-block-spacer\"><\/div>\n\n\n\n<div class=\"wp-block-media-text alignwide is-stacked-on-mobile is-vertically-aligned-top\" style=\"grid-template-columns:30% auto\"><figure class=\"wp-block-media-text__media\"><img loading=\"lazy\" decoding=\"async\" width=\"576\" height=\"1024\" src=\"https:\/\/canadiancraftsfederation.ca\/wp-content\/uploads\/2023\/05\/May15French-576x1024.png\" alt=\"\" class=\"wp-image-8633 size-full\" srcset=\"https:\/\/canadiancraftsfederation.ca\/wp-content\/uploads\/2023\/05\/May15French-576x1024.png 576w, https:\/\/canadiancraftsfederation.ca\/wp-content\/uploads\/2023\/05\/May15French-169x300.png 169w, https:\/\/canadiancraftsfederation.ca\/wp-content\/uploads\/2023\/05\/May15French.png 720w\" sizes=\"auto, (max-width: 576px) 100vw, 576px\" \/><\/figure><div class=\"wp-block-media-text__content\">\n<h4 class=\"wp-block-heading\">15 mai<\/h4>\n\n\n\n<blockquote class=\"wp-block-quote is-layout-flow wp-block-quote-is-layout-flow\">\n<p>\u00ab&nbsp;J\u2019ai brod\u00e9 de petits morceaux de symbolisme dans les pi\u00e8ces qui offrent de bons souhaits ou qui sont de bon augure si on les porte; pour la bonne fortune ou le bonheur, par exemple.&nbsp;\u00bb <br>&#8211; Carrie Yap<\/p>\n<\/blockquote>\n\n\n\n<p>Yap Sister est un atelier de chapellerie qui emploie des techniques de couture, comme la broderie de soie et les n\u0153uds chinois, et qui refl\u00e8te l\u2019identit\u00e9, le patrimoine et les exp\u00e9riences asiatiques.<\/p>\n\n\n\n<p><br>&#x1f452; <a href=\"https:\/\/www.yapsisterstudio.com\/\">https:\/\/www.yapsisterstudio.com\/<\/a><\/p>\n\n\n\n<p><a href=\"https:\/\/www.facebook.com\/yapsisterstudio\">FB: yapsisterstudio<\/a><\/p>\n\n\n\n<p>Lisez toute l\u2019histoire dans le Globe and Mail (en anglais)&nbsp;:<\/p>\n\n\n\n<p><a href=\"https:\/\/www.theglobeandmail.com\/life\/style\/article-style-news-calgary-milliner-carrie-yap-translates-culture-and-craft\/?ref=premium\">https:\/\/www.theglobeandmail.com\/life\/style\/article-style-news-calgary-milliner-carrie-yap-translates-culture-and-craft\/?ref=premium<\/a><\/p>\n<\/div><\/div>\n\n\n\n<div style=\"height:23px\" aria-hidden=\"true\" class=\"wp-block-spacer\"><\/div>\n\n\n\n<div class=\"wp-block-media-text alignwide is-stacked-on-mobile is-vertically-aligned-top\" style=\"grid-template-columns:30% auto\"><figure class=\"wp-block-media-text__media\"><img loading=\"lazy\" decoding=\"async\" width=\"576\" height=\"1024\" src=\"https:\/\/canadiancraftsfederation.ca\/wp-content\/uploads\/2023\/04\/April10-French-576x1024.png\" alt=\"\" class=\"wp-image-8522 size-full\" srcset=\"https:\/\/canadiancraftsfederation.ca\/wp-content\/uploads\/2023\/04\/April10-French-576x1024.png 576w, https:\/\/canadiancraftsfederation.ca\/wp-content\/uploads\/2023\/04\/April10-French-169x300.png 169w, https:\/\/canadiancraftsfederation.ca\/wp-content\/uploads\/2023\/04\/April10-French.png 720w\" sizes=\"auto, (max-width: 576px) 100vw, 576px\" \/><\/figure><div class=\"wp-block-media-text__content\">\n<h4 class=\"wp-block-heading\">8 mai <\/h4>\n\n\n\n<blockquote class=\"wp-block-quote is-layout-flow wp-block-quote-is-layout-flow\">\n<p>\u00ab [&#8230;] souvent \u00e0 quatre pattes. Je d\u00e9couvre les secrets de la nature : les motifs, les formes et les textures. Je transforme les champignons, les lichens, les feuilles et l\u2019\u00e9corce des arbres en bijoux d\u2019art nature. \u00bb<\/p>\n<\/blockquote>\n\n\n\n<p>C\u2019est la <a href=\"https:\/\/www.facebook.com\/hashtag\/semainenationaledelafaune?__eep__=6&amp;__cft__[0]=AZW3F_FenHXIXntUcGmq6l8WVKJHB0t8iECGqPv7K30KRh7_wwwxc4ujxNqRJXk5wbwjn9J3KYOt0KQuvuuVGhvrz_Ln4yzh-sypS5Do35JCqOql8zsKBMC_pR88fopg48Dj7Wl7LNDTNovJ-ectY4cFfXv1wg-pPTpxoEIb-s2jn7MiKoVO0P2Y-NiqKWxuT0SAS2YmTHw3NKRCsklVEn5aC_3b1vHEud2ibMEcjCoKMg&amp;__tn__=*NK-R\">#SemaineNationaleDeLaFaune<\/a>, et les bijoux de Lorraine Long nous inspirent \u00e0 entrer dans la nature.<\/p>\n\n\n\n<p><img loading=\"lazy\" decoding=\"async\" height=\"16\" width=\"16\" alt=\"&#x1f331;\" src=\"https:\/\/static.xx.fbcdn.net\/images\/emoji.php\/v9\/t8\/2\/16\/1f331.png\"> Suivez les liens pour en savoir plus :<\/p>\n\n\n\n<p><a href=\"https:\/\/www.instagram.com\/reel\/CkbKuS7jhpV\/\">https:\/\/www.instagram.com\/reel\/CkbKuS7jhpV\/<\/a><\/p>\n\n\n\n<p><a href=\"https:\/\/cwf-fcf.org\/fr\/explorer\/semaine-de-la-faune\/\">https:\/\/cwf-fcf.org\/fr\/explorer\/semaine-de-la-faune\/<\/a><\/p>\n<\/div><\/div>\n\n\n\n<div style=\"height:23px\" aria-hidden=\"true\" class=\"wp-block-spacer\"><\/div>\n\n\n\n<div class=\"wp-block-media-text alignwide is-stacked-on-mobile is-vertically-aligned-top\" style=\"grid-template-columns:30% auto\"><figure class=\"wp-block-media-text__media\"><img loading=\"lazy\" decoding=\"async\" width=\"576\" height=\"1024\" src=\"https:\/\/canadiancraftsfederation.ca\/wp-content\/uploads\/2023\/05\/May1French-576x1024.jpg\" alt=\"\" class=\"wp-image-8620 size-full\" srcset=\"https:\/\/canadiancraftsfederation.ca\/wp-content\/uploads\/2023\/05\/May1French-576x1024.jpg 576w, https:\/\/canadiancraftsfederation.ca\/wp-content\/uploads\/2023\/05\/May1French-169x300.jpg 169w, https:\/\/canadiancraftsfederation.ca\/wp-content\/uploads\/2023\/05\/May1French.jpg 720w\" sizes=\"auto, (max-width: 576px) 100vw, 576px\" \/><\/figure><div class=\"wp-block-media-text__content\">\n<h4 class=\"wp-block-heading\">1 mai<\/h4>\n\n\n\n<blockquote class=\"wp-block-quote is-layout-flow wp-block-quote-is-layout-flow\">\n<p>\u00ab On voit de pr\u00e8s l\u2019importance des arts et leur contribution \u00e0 notre bien-\u00eatre en temps de crise. L\u2019art nourrit la curiosit\u00e9 et la perspective, il nous permet de mieux nous comprendre et de mieux comprendre le monde qui nous entoure. L\u2019expression cr\u00e9atrice est fondamentale \u00e0 l\u2019exp\u00e9rience humaine. \u00bb <\/p>\n\n\n\n<p>Pavitra Wickramasinghe<\/p>\n<\/blockquote>\n\n\n\n<p>Lisez l\u2019article au complet dans <a href=\"https:\/\/www.facebook.com\/studiomagazinecanada?__cft__[0]=AZXcZxJQZjCrOBEtOL54HFzoK_rOxcEvDsg3QHa1Fc5sbG4SWjyQN0TProEqj8ML-FKIyhPfdVa04IlTNn-NCpOGCFb5K9qxgUk1ntwVmGtlhKkiJtpwiej8jHnr7wR7d-AmLh1FIiV45SKrR9CKxd0AIM3iSRKUi6IHKpwLXYPmS9silSjO15fqbOSPW8RLvRhrWcIt2EZFYwlqc_5Y_nMnUi31ChYgPYqBKiDqpgwm_w&amp;__tn__=-]K-R\">Studio Magazine<\/a> [en anglais]<\/p>\n<\/div><\/div>\n<\/div><\/details><\/div>\n\n\n\n<div class=\"wp-block-coblocks-accordion-item\"><details open><summary class=\"wp-block-coblocks-accordion-item__title\"><strong>Avril 2023<\/strong><\/summary><div class=\"wp-block-coblocks-accordion-item__content\">\n<div style=\"height:23px\" aria-hidden=\"true\" class=\"wp-block-spacer\"><\/div>\n\n\n\n<div class=\"wp-block-media-text alignwide is-stacked-on-mobile is-vertically-aligned-top\" style=\"grid-template-columns:30% auto\"><figure class=\"wp-block-media-text__media\"><img loading=\"lazy\" decoding=\"async\" width=\"576\" height=\"1024\" src=\"https:\/\/canadiancraftsfederation.ca\/wp-content\/uploads\/2023\/04\/April17-french-576x1024.png\" alt=\"\" class=\"wp-image-8520 size-full\" srcset=\"https:\/\/canadiancraftsfederation.ca\/wp-content\/uploads\/2023\/04\/April17-french-576x1024.png 576w, https:\/\/canadiancraftsfederation.ca\/wp-content\/uploads\/2023\/04\/April17-french-169x300.png 169w, https:\/\/canadiancraftsfederation.ca\/wp-content\/uploads\/2023\/04\/April17-french.png 720w\" sizes=\"auto, (max-width: 576px) 100vw, 576px\" \/><\/figure><div class=\"wp-block-media-text__content\">\n<h4 class=\"wp-block-heading\">Avril 17<\/h4>\n\n\n\n<p>C\u2019est la #SemainedelactionB\u00e9n\u00e9vole!<\/p>\n\n\n\n<p>Le cercle de couturi\u00e8res de la Montreal City Mission a offert b\u00e9n\u00e9volement ses nouveaux services de couture au d\u00e9but de la pand\u00e9mie en fabriquant et en donnant des milliers de masques. Ce n\u2019est qu\u2019une des fa\u00e7ons que ce cercle a choisi de redonner \u00e0 la collectivit\u00e9 et, ce faisant, ses membres d\u00e9couvrent davantage leur nouvelle ville d\u2019adoption.<\/p>\n\n\n\n<p>Arwa Nofal est coordinatrice des relations avec la communaut\u00e9 pour le programme Maa\u2019n\/Together de la MCM, et Dina Basiony est la professeure de couture b\u00e9n\u00e9vole pour le cercle de couture.<\/p>\n\n\n\n<p>Lisez l\u2019article en entier de la CBC en suivant : <\/p>\n\n\n\n<p><a href=\"https:\/\/www.cbc.ca\/news\/canada\/montreal\/montreal-city-mission-sewing-circle-1.6676093\">https:\/\/www.cbc.ca\/news\/canada\/montreal\/montreal-city-mission-sewing-circle-1.6676093<\/a><\/p>\n<\/div><\/div>\n\n\n\n<div style=\"height:23px\" aria-hidden=\"true\" class=\"wp-block-spacer\"><\/div>\n\n\n\n<div class=\"wp-block-media-text alignwide is-stacked-on-mobile is-vertically-aligned-top\" style=\"grid-template-columns:30% auto\"><figure class=\"wp-block-media-text__media\"><img loading=\"lazy\" decoding=\"async\" width=\"576\" height=\"1024\" src=\"https:\/\/canadiancraftsfederation.ca\/wp-content\/uploads\/2023\/04\/April10-French-576x1024.png\" alt=\"\" class=\"wp-image-8522 size-full\" srcset=\"https:\/\/canadiancraftsfederation.ca\/wp-content\/uploads\/2023\/04\/April10-French-576x1024.png 576w, https:\/\/canadiancraftsfederation.ca\/wp-content\/uploads\/2023\/04\/April10-French-169x300.png 169w, https:\/\/canadiancraftsfederation.ca\/wp-content\/uploads\/2023\/04\/April10-French.png 720w\" sizes=\"auto, (max-width: 576px) 100vw, 576px\" \/><\/figure><div class=\"wp-block-media-text__content\">\n<h4 class=\"wp-block-heading\">Avril 10<\/h4>\n\n\n\n<p>\u00ab\u2009[&#8230;] souvent \u00e0 quatre pattes. Je d\u00e9couvre les secrets de la nature : les motifs, les formes et les<\/p>\n\n\n\n<p>textures. Je transforme les champignons, les lichens, les feuilles et l\u2019\u00e9corce des arbres en<\/p>\n\n\n\n<p>bijoux d\u2019art nature.\u2009\u00bb<\/p>\n\n\n\n<p>C\u2019est la #SemaineNationaleDeLaFaune, et les bijoux de Lorraine Long nous inspirent \u00e0 entrer dans la nature.<\/p>\n\n\n\n<p>Suivez les liens dans notre bio pour en savoir plus :<\/p>\n\n\n\n<p><a href=\"https:\/\/www.instagram.com\/reel\/CkbKuS7jhpV\/\">https:\/\/www.instagram.com\/reel\/CkbKuS7jhpV\/<\/a><\/p>\n\n\n\n<p><a href=\"https:\/\/cwf-fcf.org\/fr\/explorer\/semaine-de-la-faune\/\">https:\/\/cwf-fcf.org\/fr\/explorer\/semaine-de-la-faune\/<\/a><\/p>\n<\/div><\/div>\n\n\n\n<div style=\"height:23px\" aria-hidden=\"true\" class=\"wp-block-spacer\"><\/div>\n\n\n\n<div class=\"wp-block-media-text alignwide is-stacked-on-mobile is-vertically-aligned-top\" style=\"grid-template-columns:30% auto\"><figure class=\"wp-block-media-text__media\"><img loading=\"lazy\" decoding=\"async\" width=\"576\" height=\"1024\" src=\"https:\/\/canadiancraftsfederation.ca\/wp-content\/uploads\/2023\/04\/April3-french-576x1024.png\" alt=\"\" class=\"wp-image-8526 size-full\" srcset=\"https:\/\/canadiancraftsfederation.ca\/wp-content\/uploads\/2023\/04\/April3-french-576x1024.png 576w, https:\/\/canadiancraftsfederation.ca\/wp-content\/uploads\/2023\/04\/April3-french-169x300.png 169w, https:\/\/canadiancraftsfederation.ca\/wp-content\/uploads\/2023\/04\/April3-french.png 720w\" sizes=\"auto, (max-width: 576px) 100vw, 576px\" \/><\/figure><div class=\"wp-block-media-text__content\">\n<h4 class=\"wp-block-heading\">Avril 3<\/h4>\n\n\n\n<blockquote class=\"wp-block-quote is-layout-flow wp-block-quote-is-layout-flow\">\n<p>\u00ab\u00a0Inspiration comes from surprising places.\u00a0\u00bb<br>&#8211; Cal Lane<\/p>\n<\/blockquote>\n\n\n\n<p>How do your experiences, interests or hobbies influence your passion?<\/p>\n\n\n\n<p>Having spent much of her early life as a hairdresser, Internationally acclaimed sculptor Cal Lane is interested in exploring gender roles and conceptual art.<\/p>\n\n\n\n<p>Read Cal\u2019s full interview by Studio Magazine: <a href=\"https:\/\/www.studiomagazine.ca\/articles\/2022\/1\/cal-lane\">https:\/\/www.studiomagazine.ca\/articles\/2022\/1\/cal-lane<\/a><\/p>\n<\/div><\/div>\n<\/div><\/details><\/div>\n\n\n\n<div class=\"wp-block-coblocks-accordion-item\"><details open><summary class=\"wp-block-coblocks-accordion-item__title\"><strong>Mars 2023 Quotes<\/strong><\/summary><div class=\"wp-block-coblocks-accordion-item__content\">\n<div class=\"wp-block-media-text alignwide is-stacked-on-mobile is-vertically-aligned-top\" style=\"grid-template-columns:30% auto\"><figure class=\"wp-block-media-text__media\"><img loading=\"lazy\" decoding=\"async\" width=\"576\" height=\"1024\" src=\"https:\/\/canadiancraftsfederation.ca\/wp-content\/uploads\/2023\/04\/March27-French-576x1024.jpg\" alt=\"\" class=\"wp-image-8528 size-full\" srcset=\"https:\/\/canadiancraftsfederation.ca\/wp-content\/uploads\/2023\/04\/March27-French-576x1024.jpg 576w, https:\/\/canadiancraftsfederation.ca\/wp-content\/uploads\/2023\/04\/March27-French-169x300.jpg 169w, https:\/\/canadiancraftsfederation.ca\/wp-content\/uploads\/2023\/04\/March27-French.jpg 720w\" sizes=\"auto, (max-width: 576px) 100vw, 576px\" \/><\/figure><div class=\"wp-block-media-text__content\">\n<h4 class=\"wp-block-heading\">Mars 27<\/h4>\n\n\n\n<p>How do you find your flow?&nbsp;<\/p>\n\n\n\n<blockquote class=\"wp-block-quote is-layout-flow wp-block-quote-is-layout-flow\">\n<p>\u201cFor me, a day without weaving is a like a night without sleep.\u201d <br>&#8211; Bonnie Datta<\/p>\n<\/blockquote>\n\n\n\n<p>Weaver, Bonnie Datta, found her flow in the rich textures, sights and sounds of weaving on her farm. Meet Bonnie and learn more about her process in the Alberta Craft Council Magazine.&nbsp;<\/p>\n\n\n\n<p>Discover Bonnie\u2019s delights: <a rel=\"noreferrer noopener\" href=\"https:\/\/issuu.com\/albertacraft\/docs\/alberta_craft_2022_vol1_digital\/s\/16519873\" target=\"_blank\">https:\/\/issuu.com\/albertacraft\/docs\/alberta_craft_2022_vol1_digital\/s\/16519873<\/a><\/p>\n<\/div><\/div>\n\n\n\n<div style=\"height:23px\" aria-hidden=\"true\" class=\"wp-block-spacer\"><\/div>\n\n\n\n<div class=\"wp-block-media-text alignwide is-stacked-on-mobile is-vertically-aligned-top\" style=\"grid-template-columns:30% auto\"><figure class=\"wp-block-media-text__media\"><img loading=\"lazy\" decoding=\"async\" width=\"576\" height=\"1024\" src=\"https:\/\/canadiancraftsfederation.ca\/wp-content\/uploads\/2023\/04\/March20-French-576x1024.jpg\" alt=\"\" class=\"wp-image-8530 size-full\" srcset=\"https:\/\/canadiancraftsfederation.ca\/wp-content\/uploads\/2023\/04\/March20-French-576x1024.jpg 576w, https:\/\/canadiancraftsfederation.ca\/wp-content\/uploads\/2023\/04\/March20-French-169x300.jpg 169w, https:\/\/canadiancraftsfederation.ca\/wp-content\/uploads\/2023\/04\/March20-French.jpg 720w\" sizes=\"auto, (max-width: 576px) 100vw, 576px\" \/><\/figure><div class=\"wp-block-media-text__content\">\n<h4 class=\"wp-block-heading\">March 20<\/h4>\n\n\n\n<p><img loading=\"lazy\" decoding=\"async\" height=\"16\" width=\"16\" alt=\"&#x1f929;\" src=\"https:\/\/static.xx.fbcdn.net\/images\/emoji.php\/v9\/tf7\/2\/16\/1f929.png\"> Louise Lemieux B\u00e9rub\u00e9 had the artistic desire to combine industrial technology with her creative voice in weaving.<\/p>\n\n\n\n<p><img loading=\"lazy\" decoding=\"async\" height=\"16\" width=\"16\" alt=\"&#x1f449;\" src=\"https:\/\/static.xx.fbcdn.net\/images\/emoji.php\/v9\/tf0\/2\/16\/1f449.png\"> Follow the link to learn more:<\/p>\n\n\n\n<p><img loading=\"lazy\" decoding=\"async\" height=\"16\" width=\"16\" alt=\"&#x1f449;\" src=\"https:\/\/static.xx.fbcdn.net\/images\/emoji.php\/v9\/tf0\/2\/16\/1f449.png\"><a href=\"https:\/\/www.youtube.com\/watch?v=8XZrVttRJ1o&amp;fbclid=IwAR0Hwmb4d2J3sYeJ62kZnNNMltq5YTn8hz80Y9pgVftqTq68ZHP_0gRcVEE\" rel=\"noreferrer noopener\" target=\"_blank\">www.youtube.com\/watch?v=8XZrVttRJ1o<\/a><\/p>\n\n\n\n<blockquote class=\"wp-block-quote is-layout-flow wp-block-quote-is-layout-flow\">\n<p>\u00ab\u00a0When I knew that there was a possibility to have this technology today for artists, not just for industry, but really adapted. For me, it was extraordinary; it was the impetus that would assert myself as an artist and then transmit my vision of the world more directly. Finally, what I liked and appreciated, and my language too. So, the Jacquard Machine was a gift from heaven for me, and I helped a little bit, of course\u00a0\u00bb. <br>&#8211; Louise Lemieux B\u00e9rub\u00e9<\/p>\n<\/blockquote>\n\n\n\n<p><a href=\"https:\/\/www.facebook.com\/metiersdartduquebec?__cft__[0]=AZVItxyFze6Haybsgk6CFKGRD6Xt1Tuu9CgktdHjFw4Cl15MNniW4JXVYgSaVrXPtS97oh4srZLOZJNfzayn66IwmoNy8orO5mSb4nqJChesuG1Ehl9X_VYgmk6Pa2NGJV9a6VMWgEW103I15-cWmUsQ1CiWg3BJMFJXJnfHfMFZRh2zi_WkXqFkGkW04d52AG1NluwDB4iwvA8yZVtZtTNv2QK9Egqkr6NbRZn9zoiJtw&amp;__tn__=-]K-R\" target=\"_blank\" rel=\"noreferrer noopener\">M\u00e9tiers d&rsquo;art du Qu\u00e9bec<\/a><\/p>\n<\/div><\/div>\n\n\n\n<div style=\"height:23px\" aria-hidden=\"true\" class=\"wp-block-spacer\"><\/div>\n\n\n\n<div class=\"wp-block-media-text alignwide is-stacked-on-mobile is-vertically-aligned-top\" style=\"grid-template-columns:30% auto\"><figure class=\"wp-block-media-text__media\"><img loading=\"lazy\" decoding=\"async\" width=\"576\" height=\"1024\" src=\"https:\/\/canadiancraftsfederation.ca\/wp-content\/uploads\/2023\/04\/March13-French-576x1024.jpg\" alt=\"\" class=\"wp-image-8532 size-full\" srcset=\"https:\/\/canadiancraftsfederation.ca\/wp-content\/uploads\/2023\/04\/March13-French-576x1024.jpg 576w, https:\/\/canadiancraftsfederation.ca\/wp-content\/uploads\/2023\/04\/March13-French-169x300.jpg 169w, https:\/\/canadiancraftsfederation.ca\/wp-content\/uploads\/2023\/04\/March13-French.jpg 720w\" sizes=\"auto, (max-width: 576px) 100vw, 576px\" \/><\/figure><div class=\"wp-block-media-text__content\">\n<h4 class=\"wp-block-heading\">March 13<\/h4>\n\n\n\n<blockquote class=\"wp-block-quote is-layout-flow wp-block-quote-is-layout-flow\">\n<p>\u00ab\u00a0Practicing a Craft is both a life journey and occupation.\u00a0\u00bb &#8211; Phil Abernethy<\/p>\n<\/blockquote>\n\n\n\n<p>&#x1f570;&#xfe0f; Immerse yourself in the journey!&nbsp;<\/p>\n\n\n\n<p>We loved hearing from Phil Abernethy, a clockmaker from Victoria, B.C., from Studio Magazine.&nbsp;&nbsp;<\/p>\n\n\n\n<p>\u201cClockmaking might seem an unexpected avenue for contemporary creative work but it certainly has ample scope for interpretation.&nbsp; It is a unique Craft that brings together Art, History, Science, Mechanics and Technology.\u201d<\/p>\n\n\n\n<p>&#x1f449; Read the full story here: <a href=\"https:\/\/www.studiomagazine.ca\/articles\/2021\/5\/phil-abernethy\" target=\"_blank\" rel=\"noreferrer noopener\">https:\/\/www.studiomagazine.ca\/articles\/2021\/5\/phil-abernethy<\/a><\/p>\n\n\n\n<p><a href=\"https:\/\/www.philabernethy.com\/\" target=\"_blank\" rel=\"noreferrer noopener\">https:\/\/www.philabernethy.com\/<\/a><\/p>\n<\/div><\/div>\n\n\n\n<div style=\"height:23px\" aria-hidden=\"true\" class=\"wp-block-spacer\"><\/div>\n\n\n\n<div class=\"wp-block-media-text alignwide is-stacked-on-mobile is-vertically-aligned-top\" style=\"grid-template-columns:30% auto\"><figure class=\"wp-block-media-text__media\"><img loading=\"lazy\" decoding=\"async\" width=\"576\" height=\"1024\" src=\"https:\/\/canadiancraftsfederation.ca\/wp-content\/uploads\/2023\/04\/March6-French-576x1024.png\" alt=\"\" class=\"wp-image-8534 size-full\" srcset=\"https:\/\/canadiancraftsfederation.ca\/wp-content\/uploads\/2023\/04\/March6-French-576x1024.png 576w, https:\/\/canadiancraftsfederation.ca\/wp-content\/uploads\/2023\/04\/March6-French-169x300.png 169w, https:\/\/canadiancraftsfederation.ca\/wp-content\/uploads\/2023\/04\/March6-French.png 720w\" sizes=\"auto, (max-width: 576px) 100vw, 576px\" \/><\/figure><div class=\"wp-block-media-text__content\">\n<h4 class=\"wp-block-heading\">March 6<\/h4>\n\n\n\n<blockquote class=\"wp-block-quote is-layout-flow wp-block-quote-is-layout-flow\">\n<p>\u00ab\u00a0This interchange between maker and material promotes the collaborative, inclusive, process-oriented tenets of feminist art, and it places crafts practices within critical feminist conversations ranging from embodiment to climate crisis.\u00a0\u00bb<\/p>\n\n\n\n<p>&#8211; Melissa Potter<\/p>\n<\/blockquote>\n\n\n\n<p>&#x1f4a1;Follow the link in our bio to read the whole story.<\/p>\n\n\n\n<p>&#x1f4a1;Read the full story here: <a href=\"https:\/\/bombmagazine.org\/articles\/material-engagements-craft-and-feminist-futures\/\" target=\"_blank\" rel=\"noreferrer noopener\">https:\/\/bombmagazine.org\/articles\/material-engagements-craft-and-feminist-futures\/<\/a>&nbsp;<\/p>\n<\/div><\/div>\n<\/div><\/details><\/div>\n<\/div>\n\n\n\n<hr class=\"wp-block-separator has-alpha-channel-opacity is-style-wide\"\/>\n","protected":false},"excerpt":{"rendered":"<p>M\u00e9tiers d\u2019art cit\u00e9s D\u00e9couvrez des artistes, des auteurs et des leaders en m\u00e9tiers d\u2019art dans notre s\u00e9rie de citations sur les m\u00e9tiers d\u2019art. De nouvelles perspectives cr\u00e9atives chaque semaine. Inscrivez-vous&#8230;<\/p>\n","protected":false},"author":2,"featured_media":3796,"parent":0,"menu_order":0,"comment_status":"closed","ping_status":"closed","template":"template-home.php","meta":{"_acf_changed":false,"_coblocks_attr":"","_coblocks_dimensions":"","_coblocks_responsive_height":"","_coblocks_accordion_ie_support":"","_monsterinsights_skip_tracking":false,"_monsterinsights_sitenote_active":false,"_monsterinsights_sitenote_note":"","_monsterinsights_sitenote_category":0,"footnotes":""},"class_list":["post-8519","page","type-page","status-publish","has-post-thumbnail","hentry"],"acf":[],"aioseo_notices":[],"_links":{"self":[{"href":"https:\/\/canadiancraftsfederation.ca\/fr\/wp-json\/wp\/v2\/pages\/8519","targetHints":{"allow":["GET"]}}],"collection":[{"href":"https:\/\/canadiancraftsfederation.ca\/fr\/wp-json\/wp\/v2\/pages"}],"about":[{"href":"https:\/\/canadiancraftsfederation.ca\/fr\/wp-json\/wp\/v2\/types\/page"}],"author":[{"embeddable":true,"href":"https:\/\/canadiancraftsfederation.ca\/fr\/wp-json\/wp\/v2\/users\/2"}],"replies":[{"embeddable":true,"href":"https:\/\/canadiancraftsfederation.ca\/fr\/wp-json\/wp\/v2\/comments?post=8519"}],"version-history":[{"count":27,"href":"https:\/\/canadiancraftsfederation.ca\/fr\/wp-json\/wp\/v2\/pages\/8519\/revisions"}],"predecessor-version":[{"id":9694,"href":"https:\/\/canadiancraftsfederation.ca\/fr\/wp-json\/wp\/v2\/pages\/8519\/revisions\/9694"}],"wp:featuredmedia":[{"embeddable":true,"href":"https:\/\/canadiancraftsfederation.ca\/fr\/wp-json\/wp\/v2\/media\/3796"}],"wp:attachment":[{"href":"https:\/\/canadiancraftsfederation.ca\/fr\/wp-json\/wp\/v2\/media?parent=8519"}],"curies":[{"name":"wp","href":"https:\/\/api.w.org\/{rel}","templated":true}]}}